{"id":199666,"date":"2026-04-24T13:46:22","date_gmt":"2026-04-24T13:46:22","guid":{"rendered":"https:\/\/klak.is\/?post_type=vidburdure&#038;p=199666"},"modified":"2026-04-24T13:46:25","modified_gmt":"2026-04-24T13:46:25","slug":"prosecco-pitch-hringida-2026","status":"publish","type":"vidburdure","link":"https:\/\/klak.is\/en\/vidburdir\/prosecco-pitch-hringida-2026\/","title":{"rendered":"Prosecco &#038; Pitch \u2014 Hringi\u00f0a 2026"},"content":{"rendered":"<p>\u00deann 6. ma\u00ed b\u00fd\u00f0ur KLAK &#8211; Icelandic Startups upp \u00e1 Prosecco &amp; Pitch \u00ed Gr\u00f3sku! \ud83c\udf89\ud83e\udd42<\/p>\n\n\n\n<p>Vi\u00f0bur\u00f0urinn er lifandi og skemmtilegur \u00fear sem sprotafyrirt\u00e6kin sem taka \u00fe\u00e1tt \u00ed vi\u00f0skiptahra\u00f0linum Hringi\u00f0u kynna verkefni s\u00edn fyrir gestum. Sprotarnir eiga \u00fea\u00f0 allir sameiginlegt a\u00f0 leggja sitt af m\u00f6rkum til a\u00f0 takast \u00e1 vi\u00f0 \u00e1skoranir sem tengjast hringr\u00e1sarhagkerfinu og umhverfism\u00e1lum.<\/p>\n\n\n\n<p>Vi\u00f0 hvetjum \u00fev\u00ed \u00f6ll \u00e1hugas\u00f6m um n\u00fdsk\u00f6pun, sj\u00e1lfb\u00e6rni og framt\u00ed\u00f0ina til a\u00f0 m\u00e6ta, mingla og sty\u00f0ja vi\u00f0 sprotana. Bo\u00f0i\u00f0 ver\u00f0ur upp \u00e1 b\u00fabblur og l\u00e9ttar veitingar \ud83c\udf1f<\/p>\n\n\n\n<p>Vi\u00f0 hl\u00f6kkum til a\u00f0 sj\u00e1 ykkur vi\u00f0 Gr\u00f3\u00f0urvegginn \u00e1 1. h\u00e6\u00f0 \u00ed Gr\u00f3sku! \ud83c\udf0e<\/p>\n\n\n\n<p><strong>Hven\u00e6r?<\/strong> 6. ma\u00ed 2026, kl. 17:00\u201319:00<\/p>\n\n\n\n<p><strong>Hvar?<\/strong> Gr\u00f3ska, vi\u00f0 Gr\u00f3\u00f0urvegginn \u00e1 1. h\u00e6\u00f0<\/p>\n\n\n\n<h2 class=\"wp-block-heading\">Fyrirt\u00e6kin \u00ed Hringi\u00f0u 2026<\/h2>\n\n\n\n<p><strong>\ud83c\udf3f Araxni<\/strong> \u2014 framlei\u00f0ir k\u00f6ngul\u00f3arsilki me\u00f0 hj\u00e1lp l\u00edft\u00e6kni sem kemur \u00ed sta\u00f0 plasts \u00ed sj\u00e1var\u00fatvegi, text\u00edli\u00f0na\u00f0i og fleiri geirum, me\u00f0 \u00fea\u00f0 a\u00f0 markmi\u00f0i a\u00f0 draga \u00far umhverfis\u00e1hrifum.<\/p>\n\n\n\n<p><strong>\ud83c\udf3f E-L\u00cdSA<\/strong> \u2014 hugb\u00fana\u00f0arlausn sem dregur \u00far \u00e1h\u00e6ttu \u00ed jar\u00f0varma\u00fer\u00f3un og h\u00e1markar orkuvinnslu me\u00f0 \u00fev\u00ed a\u00f0 b\u00e6ta afk\u00f6st borhola \u00e1 markvissan h\u00e1tt.<\/p>\n\n\n\n<p><strong>\ud83c\udf3f IORDEN<\/strong> \u2014 sj\u00e1lfvirk g\u00e6\u00f0ast\u00fdringarlausn fyrir sm\u00e6rri matv\u00e6laframlei\u00f0endur sem eykur gagns\u00e6i, einfaldar ferla og dregur \u00far villum me\u00f0 sam\u00fe\u00e6ttingu v\u00e9l- og hugb\u00fana\u00f0ar.<\/p>\n\n\n\n<p><strong>\ud83c\udf3f Loopable<\/strong> \u2014 umbreytir \u00f3n\u00fdtum text\u00edl \u00ed h\u00e1g\u00e6\u00f0a prj\u00f3nagarn og fyllingarefni, og vinnur \u00feannig gegn text\u00edls\u00f3un me\u00f0 \u00fev\u00ed a\u00f0 skapa n\u00fd ver\u00f0m\u00e6ti \u00far \u00fargangi.<\/p>\n\n\n\n<p><strong>\ud83c\udf3f Ratatag<\/strong> \u2014 tengir eigendur og finnendur t\u00fdndra muna me\u00f0 QR-k\u00f3\u00f0akerfi sem lengir l\u00edft\u00edma \u00feeirra, stu\u00f0lar a\u00f0 betri n\u00fdtingu \u00e1 eigum f\u00f3lks og minnkar neyslu.<\/p>\n\n\n\n<p><strong>\ud83c\udf3f Soil Lagoon<\/strong> \u2014 vinnur a\u00f0 uppbyggingu fyrstu jar\u00f0vegshreinsist\u00f6\u00f0var \u00cdslands sem n\u00fdtir jar\u00f0hitavatn til a\u00f0 hreinsa menga\u00f0an jar\u00f0veg innanlands.<\/p>\n\n\n\n<p><strong>\ud83c\udf3f Thermal Beets Records<\/strong> \u2014 framlei\u00f0ir sj\u00e1lfb\u00e6rar v\u00ednylpl\u00f6tur \u00far sykurr\u00f3fum \u00ed sta\u00f0 PVC, me\u00f0 \u00fea\u00f0 a\u00f0 markmi\u00f0i a\u00f0 gera t\u00f3nlistar\u00fatg\u00e1fu umhverfisv\u00e6nni.<\/p>\n\n\n\n<p><em>Bakhjarlar Hringi\u00f0u eru Terra, Faxafl\u00f3ahafnir, Reykjav\u00edkurborg, Samt\u00f6k I\u00f0na\u00f0arins og Umhverfis-, orku- og loftslagsr\u00e1\u00f0uneyti\u00f0.<\/em><\/p>","protected":false},"featured_media":199669,"template":"","meta":{"_acf_changed":true,"wds_primary_project":0},"project":[1258],"birta":[],"ar":[1304],"class_list":["post-199666","vidburdure","type-vidburdure","status-publish","has-post-thumbnail","hentry","project-hringida","ar-1304"],"acf":{"tengd_verkefni":[17466],"location_text":"Gr\u00f3ska, vi\u00f0 Gr\u00f3\u00f0urvegginn \u00e1 1. h\u00e6\u00f0","start":"2026-05-06 17:00:00","end":"2026-05-06 19:00:00","facebook_event":"https:\/\/www.facebook.com\/events\/2105947050262208\/","linkedin_url":"","ytri_skraning":false,"skraningarhlekkur":"","erafslattarkodi":false,"afslattarko\u00f0i":"","google_calendar_link":"https:\/\/calendar.google.com\/calendar\/render?action=TEMPLATE&text=Prosecco+%26%23038%3B+Pitch+%E2%80%94+Hringi%C3%B0a+2026&dates=20260506T170000Z\/20260506T190000Z&location=Gr%C3%B3ska%2C+vi%C3%B0+Gr%C3%B3%C3%B0urvegginn+%C3%A1+1.+h%C3%A6%C3%B0&details=%C3%9Eann+6.+ma%C3%AD+b%C3%BD%C3%B0ur+KLAK+-+Icelandic+Startups+upp+%C3%A1+Prosecco+%26amp%3B+Pitch+%C3%AD+Gr%C3%B3sku%21+%F0%9F%8E%89%F0%9F%A5%82%0A%0A%0A%0AVi%C3%B0bur%C3%B0urinn+er+lifandi+og+skemmtilegur+%C3%BEar+sem+sprotafyrirt%C3%A6kin+sem+taka+%C3%BE%C3%A1tt+%C3%AD+vi%C3%B0skiptahra%C3%B0linum+Hringi%C3%B0u+kynna+verkefni+s%C3%ADn+fyrir+gestum.+Sprotarnir+eiga+%C3%BEa%C3%B0+allir+sameiginlegt+a%C3%B0+leggja+sitt+af+m%C3%B6rkum+til+a%C3%B0+takast+%C3%A1+vi%C3%B0+%C3%A1skoranir+sem+tengjast+hringr%C3%A1sarhagkerfinu+og+umhverfism%C3%A1lum.%0A%0A%0A%0AVi%C3%B0+hvetjum+%C3%BEv%C3%AD+%C3%B6ll+%C3%A1hugas%C3%B6m+um+n%C3%BDsk%C3%B6pun%2C+sj%C3%A1lfb%C3%A6rni+og+framt%C3%AD%C3%B0ina+til+a%C3%B0+m%C3%A6ta%2C+mingla+og+sty%C3%B0ja+vi%C3%B0+sprotana.+Bo%C3%B0i%C3%B0+ver%C3%B0ur+upp+%C3%A1+b%C3%BAbblur+og+l%C3%A9ttar+veitingar+%F0%9F%8C%9F%0A%0A%0A%0AVi%C3%B0+hl%C3%B6kkum+til+a%C3%B0+sj%C3%A1+ykkur+vi%C3%B0+Gr%C3%B3%C3%B0urvegginn+%C3%A1+1.+h%C3%A6%C3%B0+%C3%AD+Gr%C3%B3sku%21+%F0%9F%8C%8E%0A%0A%0A%0AHven%C3%A6r%3F+6.+ma%C3%AD+2026%2C+kl.+17%3A00%E2%80%9319%3A00%0A%0A%0A%0AHvar%3F+Gr%C3%B3ska%2C+vi%C3%B0+Gr%C3%B3%C3%B0urvegginn+%C3%A1+1.+h%C3%A6%C3%B0%0A%0A%0A%0AFyrirt%C3%A6kin+%C3%AD+Hringi%C3%B0u+2026%0A%0A%0A%0A%F0%9F%8C%BF+Araxni+%E2%80%94+framlei%C3%B0ir+k%C3%B6ngul%C3%B3arsilki+me%C3%B0+hj%C3%A1lp+l%C3%ADft%C3%A6kni+sem+kemur+%C3%AD+sta%C3%B0+plasts+%C3%AD+sj%C3%A1var%C3%BAtvegi%2C+text%C3%ADli%C3%B0na%C3%B0i+og+fleiri+geirum%2C+me%C3%B0+%C3%BEa%C3%B0+a%C3%B0+markmi%C3%B0i+a%C3%B0+draga+%C3%BAr+umhverfis%C3%A1hrifum.%0A%0A%0A%0A%F0%9F%8C%BF+E-L%C3%8DSA+%E2%80%94+hugb%C3%BAna%C3%B0arlausn+sem+dregur+%C3%BAr+%C3%A1h%C3%A6ttu+%C3%AD+jar%C3%B0varma%C3%BEr%C3%B3un+og+h%C3%A1markar+orkuvinnslu+me%C3%B0+%C3%BEv%C3%AD+a%C3%B0+b%C3%A6ta+afk%C3%B6st+borhola+%C3%A1+markvissan+h%C3%A1tt.%0A%0A%0A%0A%F0%9F%8C%BF+IORDEN+%E2%80%94+sj%C3%A1lfvirk+g%C3%A6%C3%B0ast%C3%BDringarlausn+fyrir+sm%C3%A6rri+matv%C3%A6laframlei%C3%B0endur+sem+eykur+gagns%C3%A6i%2C+einfaldar+ferla+og+dregur+%C3%BAr+villum+me%C3%B0+sam%C3%BE%C3%A6ttingu+v%C3%A9l-+og+hugb%C3%BAna%C3%B0ar.%0A%0A%0A%0A%F0%9F%8C%BF+Loopable+%E2%80%94+umbreytir+%C3%B3n%C3%BDtum+text%C3%ADl+%C3%AD+h%C3%A1g%C3%A6%C3%B0a+prj%C3%B3nagarn+og+fyllingarefni%2C+og+vinnur+%C3%BEannig+gegn+text%C3%ADls%C3%B3un+me%C3%B0+%C3%BEv%C3%AD+a%C3%B0+skapa+n%C3%BD+ver%C3%B0m%C3%A6ti+%C3%BAr+%C3%BArgangi.%0A%0A%0A%0A%F0%9F%8C%BF+Ratatag+%E2%80%94+tengir+eigendur+og+finnendur+t%C3%BDndra+muna+me%C3%B0+QR-k%C3%B3%C3%B0akerfi+sem+lengir+l%C3%ADft%C3%ADma+%C3%BEeirra%2C+stu%C3%B0lar+a%C3%B0+betri+n%C3%BDtingu+%C3%A1+eigum+f%C3%B3lks+og+minnkar+neyslu.%0A%0A%0A%0A%F0%9F%8C%BF+Soil+Lagoon+%E2%80%94+vinnur+a%C3%B0+uppbyggingu+fyrstu+jar%C3%B0vegshreinsist%C3%B6%C3%B0var+%C3%8Dslands+sem+n%C3%BDtir+jar%C3%B0hitavatn+til+a%C3%B0+hreinsa+menga%C3%B0an+jar%C3%B0veg+innanlands.%0A%0A%0A%0A%F0%9F%8C%BF+Thermal+Beets+Records+%E2%80%94+framlei%C3%B0ir+sj%C3%A1lfb%C3%A6rar+v%C3%ADnylpl%C3%B6tur+%C3%BAr+sykurr%C3%B3fum+%C3%AD+sta%C3%B0+PVC%2C+me%C3%B0+%C3%BEa%C3%B0+a%C3%B0+markmi%C3%B0i+a%C3%B0+gera+t%C3%B3nlistar%C3%BAtg%C3%A1fu+umhverfisv%C3%A6nni.%0A%0A%0A%0ABakhjarlar+Hringi%C3%B0u+eru+Terra%2C+Faxafl%C3%B3ahafnir%2C+Reykjav%C3%ADkurborg%2C+Samt%C3%B6k+I%C3%B0na%C3%B0arins+og+Umhverfis-%2C+orku-+og+loftslagsr%C3%A1%C3%B0uneyti%C3%B0.","outlook_calendar_link":"https:\/\/outlook.live.com\/calendar\/0\/deeplink\/compose?subject=Prosecco+%26%23038%3B+Pitch+%E2%80%94+Hringi%C3%B0a+2026&startdt=2026-05-06T17:00:00Z&enddt=2026-05-06T19:00:00Z&location=Gr%C3%B3ska%2C+vi%C3%B0+Gr%C3%B3%C3%B0urvegginn+%C3%A1+1.+h%C3%A6%C3%B0&body=%C3%9Eann+6.+ma%C3%AD+b%C3%BD%C3%B0ur+KLAK+-+Icelandic+Startups+upp+%C3%A1+Prosecco+%26amp%3B+Pitch+%C3%AD+Gr%C3%B3sku%21+%F0%9F%8E%89%F0%9F%A5%82%0A%0A%0A%0AVi%C3%B0bur%C3%B0urinn+er+lifandi+og+skemmtilegur+%C3%BEar+sem+sprotafyrirt%C3%A6kin+sem+taka+%C3%BE%C3%A1tt+%C3%AD+vi%C3%B0skiptahra%C3%B0linum+Hringi%C3%B0u+kynna+verkefni+s%C3%ADn+fyrir+gestum.+Sprotarnir+eiga+%C3%BEa%C3%B0+allir+sameiginlegt+a%C3%B0+leggja+sitt+af+m%C3%B6rkum+til+a%C3%B0+takast+%C3%A1+vi%C3%B0+%C3%A1skoranir+sem+tengjast+hringr%C3%A1sarhagkerfinu+og+umhverfism%C3%A1lum.%0A%0A%0A%0AVi%C3%B0+hvetjum+%C3%BEv%C3%AD+%C3%B6ll+%C3%A1hugas%C3%B6m+um+n%C3%BDsk%C3%B6pun%2C+sj%C3%A1lfb%C3%A6rni+og+framt%C3%AD%C3%B0ina+til+a%C3%B0+m%C3%A6ta%2C+mingla+og+sty%C3%B0ja+vi%C3%B0+sprotana.+Bo%C3%B0i%C3%B0+ver%C3%B0ur+upp+%C3%A1+b%C3%BAbblur+og+l%C3%A9ttar+veitingar+%F0%9F%8C%9F%0A%0A%0A%0AVi%C3%B0+hl%C3%B6kkum+til+a%C3%B0+sj%C3%A1+ykkur+vi%C3%B0+Gr%C3%B3%C3%B0urvegginn+%C3%A1+1.+h%C3%A6%C3%B0+%C3%AD+Gr%C3%B3sku%21+%F0%9F%8C%8E%0A%0A%0A%0AHven%C3%A6r%3F+6.+ma%C3%AD+2026%2C+kl.+17%3A00%E2%80%9319%3A00%0A%0A%0A%0AHvar%3F+Gr%C3%B3ska%2C+vi%C3%B0+Gr%C3%B3%C3%B0urvegginn+%C3%A1+1.+h%C3%A6%C3%B0%0A%0A%0A%0AFyrirt%C3%A6kin+%C3%AD+Hringi%C3%B0u+2026%0A%0A%0A%0A%F0%9F%8C%BF+Araxni+%E2%80%94+framlei%C3%B0ir+k%C3%B6ngul%C3%B3arsilki+me%C3%B0+hj%C3%A1lp+l%C3%ADft%C3%A6kni+sem+kemur+%C3%AD+sta%C3%B0+plasts+%C3%AD+sj%C3%A1var%C3%BAtvegi%2C+text%C3%ADli%C3%B0na%C3%B0i+og+fleiri+geirum%2C+me%C3%B0+%C3%BEa%C3%B0+a%C3%B0+markmi%C3%B0i+a%C3%B0+draga+%C3%BAr+umhverfis%C3%A1hrifum.%0A%0A%0A%0A%F0%9F%8C%BF+E-L%C3%8DSA+%E2%80%94+hugb%C3%BAna%C3%B0arlausn+sem+dregur+%C3%BAr+%C3%A1h%C3%A6ttu+%C3%AD+jar%C3%B0varma%C3%BEr%C3%B3un+og+h%C3%A1markar+orkuvinnslu+me%C3%B0+%C3%BEv%C3%AD+a%C3%B0+b%C3%A6ta+afk%C3%B6st+borhola+%C3%A1+markvissan+h%C3%A1tt.%0A%0A%0A%0A%F0%9F%8C%BF+IORDEN+%E2%80%94+sj%C3%A1lfvirk+g%C3%A6%C3%B0ast%C3%BDringarlausn+fyrir+sm%C3%A6rri+matv%C3%A6laframlei%C3%B0endur+sem+eykur+gagns%C3%A6i%2C+einfaldar+ferla+og+dregur+%C3%BAr+villum+me%C3%B0+sam%C3%BE%C3%A6ttingu+v%C3%A9l-+og+hugb%C3%BAna%C3%B0ar.%0A%0A%0A%0A%F0%9F%8C%BF+Loopable+%E2%80%94+umbreytir+%C3%B3n%C3%BDtum+text%C3%ADl+%C3%AD+h%C3%A1g%C3%A6%C3%B0a+prj%C3%B3nagarn+og+fyllingarefni%2C+og+vinnur+%C3%BEannig+gegn+text%C3%ADls%C3%B3un+me%C3%B0+%C3%BEv%C3%AD+a%C3%B0+skapa+n%C3%BD+ver%C3%B0m%C3%A6ti+%C3%BAr+%C3%BArgangi.%0A%0A%0A%0A%F0%9F%8C%BF+Ratatag+%E2%80%94+tengir+eigendur+og+finnendur+t%C3%BDndra+muna+me%C3%B0+QR-k%C3%B3%C3%B0akerfi+sem+lengir+l%C3%ADft%C3%ADma+%C3%BEeirra%2C+stu%C3%B0lar+a%C3%B0+betri+n%C3%BDtingu+%C3%A1+eigum+f%C3%B3lks+og+minnkar+neyslu.%0A%0A%0A%0A%F0%9F%8C%BF+Soil+Lagoon+%E2%80%94+vinnur+a%C3%B0+uppbyggingu+fyrstu+jar%C3%B0vegshreinsist%C3%B6%C3%B0var+%C3%8Dslands+sem+n%C3%BDtir+jar%C3%B0hitavatn+til+a%C3%B0+hreinsa+menga%C3%B0an+jar%C3%B0veg+innanlands.%0A%0A%0A%0A%F0%9F%8C%BF+Thermal+Beets+Records+%E2%80%94+framlei%C3%B0ir+sj%C3%A1lfb%C3%A6rar+v%C3%ADnylpl%C3%B6tur+%C3%BAr+sykurr%C3%B3fum+%C3%AD+sta%C3%B0+PVC%2C+me%C3%B0+%C3%BEa%C3%B0+a%C3%B0+markmi%C3%B0i+a%C3%B0+gera+t%C3%B3nlistar%C3%BAtg%C3%A1fu+umhverfisv%C3%A6nni.%0A%0A%0A%0ABakhjarlar+Hringi%C3%B0u+eru+Terra%2C+Faxafl%C3%B3ahafnir%2C+Reykjav%C3%ADkurborg%2C+Samt%C3%B6k+I%C3%B0na%C3%B0arins+og+Umhverfis-%2C+orku-+og+loftslagsr%C3%A1%C3%B0uneyti%C3%B0.&path=\/calendar\/action\/compose","start_formatted":"6. May | 17:00 - 19:00"},"_links":{"self":[{"href":"https:\/\/klak.is\/en\/wp-json\/wp\/v2\/vidburdure\/199666","targetHints":{"allow":["GET"]}}],"collection":[{"href":"https:\/\/klak.is\/en\/wp-json\/wp\/v2\/vidburdure"}],"about":[{"href":"https:\/\/klak.is\/en\/wp-json\/wp\/v2\/types\/vidburdure"}],"version-history":[{"count":0,"href":"https:\/\/klak.is\/en\/wp-json\/wp\/v2\/vidburdure\/199666\/revisions"}],"acf:post":[{"embeddable":true,"href":"https:\/\/klak.is\/en\/wp-json\/wp\/v2\/verkefni\/17466"}],"wp:featuredmedia":[{"embeddable":true,"href":"https:\/\/klak.is\/en\/wp-json\/wp\/v2\/media\/199669"}],"wp:attachment":[{"href":"https:\/\/klak.is\/en\/wp-json\/wp\/v2\/media?parent=199666"}],"wp:term":[{"taxonomy":"project","embeddable":true,"href":"https:\/\/klak.is\/en\/wp-json\/wp\/v2\/project?post=199666"},{"taxonomy":"birta","embeddable":true,"href":"https:\/\/klak.is\/en\/wp-json\/wp\/v2\/birta?post=199666"},{"taxonomy":"ar","embeddable":true,"href":"https:\/\/klak.is\/en\/wp-json\/wp\/v2\/ar?post=199666"}],"curies":[{"name":"wp","href":"https:\/\/api.w.org\/{rel}","templated":true}]}}